{"id":681,"date":"2013-10-06T14:23:24","date_gmt":"2013-10-06T12:23:24","guid":{"rendered":"http:\/\/localhost:8080\/stagione-dinverno\/"},"modified":"2013-10-06T14:23:24","modified_gmt":"2013-10-06T12:23:24","slug":"stagione-dinverno","status":"publish","type":"page","link":"https:\/\/hotel-cuntera.ch\/it\/tempo-libero\/stagione-dinverno\/","title":{"rendered":"Stagione d\u2018inverno"},"content":{"rendered":"<h3>La Valle Medel porge quasi tutto il inverno neve, cielo azzurro e sereno su 1400 metri di alitudine.<\/h3>\n\t\r\n\t\t\r\n\t<div id=\"meteor-slideshowwinter\" class=\"meteor-slides winter navprevnext { next: '#meteor-nextwinter', prev: '#meteor-prevwinter', pager: '#meteor-buttonswinter' }\">\r\n\t\r\n\t\t\t\r\n\t\t\t\r\n\t\t\t<ul class=\"meteor-nav\">\r\n\t\t\r\n\t\t\t\t<li id=\"meteor-prevwinter\" class=\"prev\"><a href=\"#prev\">Previous<\/a><\/li>\r\n\t\t\t\r\n\t\t\t\t<li id=\"meteor-nextwinter\" class=\"next\"><a href=\"#next\">Next<\/a><\/li>\r\n\t\t\t\r\n\t\t\t<\/ul><!-- .meteor-nav -->\r\n\t\t\r\n\t\t\t\t\r\n\t\t\t\r\n\t\t<div class=\"meteor-clip\">\r\n\t\r\n\t\t\t\t\r\n\t\t\t<img decoding=\"async\" style=\"visibility: hidden;\" class=\"meteor-shim\" src=\"https:\/\/hotel-cuntera.ch\/wp-content\/uploads\/2014\/01\/IMG_2250.jpg\" alt=\"\" \/>\r\n\t\t\t<div class=\"mslide mslide-1\">\r\n\t\t\t\t\r\n\t\t\t\t\t\t\t\t\t\r\n\t\t\t\t\t<img loading=\"lazy\" decoding=\"async\" width=\"801\" height=\"534\" src=\"https:\/\/hotel-cuntera.ch\/wp-content\/uploads\/2014\/01\/IMG_2250.jpg\" class=\"attachment-featured-slide size-featured-slide wp-post-image\" alt=\"\" title=\"Strasse Winter\" srcset=\"https:\/\/hotel-cuntera.ch\/wp-content\/uploads\/2014\/01\/IMG_2250.jpg 1500w, https:\/\/hotel-cuntera.ch\/wp-content\/uploads\/2014\/01\/IMG_2250-300x200.jpg 300w, https:\/\/hotel-cuntera.ch\/wp-content\/uploads\/2014\/01\/IMG_2250-1024x682.jpg 1024w\" sizes=\"(max-width: 801px) 100vw, 801px\" \/>\t\t\t\t\t\r\n\t\t\t\t\t\t\t\r\n\t\t\t<\/div><!-- .mslide -->\r\n\t\t\t\r\n\t\t\t\t\t\t\r\n\t\t\t\t\r\n\t\t\t\r\n\t\t\t<div class=\"mslide mslide-2\">\r\n\t\t\t\t\r\n\t\t\t\t\t\t\t\t\t\r\n\t\t\t\t\t<img loading=\"lazy\" decoding=\"async\" width=\"801\" height=\"534\" src=\"https:\/\/hotel-cuntera.ch\/wp-content\/uploads\/2014\/02\/IMG_2254_bearbeitet-801x534.jpg\" class=\"attachment-featured-slide size-featured-slide wp-post-image\" alt=\"\" title=\"Pez Muraun Winter\" srcset=\"https:\/\/hotel-cuntera.ch\/wp-content\/uploads\/2014\/02\/IMG_2254_bearbeitet-801x534.jpg 801w, https:\/\/hotel-cuntera.ch\/wp-content\/uploads\/2014\/02\/IMG_2254_bearbeitet-300x200.jpg 300w, https:\/\/hotel-cuntera.ch\/wp-content\/uploads\/2014\/02\/IMG_2254_bearbeitet-1024x682.jpg 1024w, https:\/\/hotel-cuntera.ch\/wp-content\/uploads\/2014\/02\/IMG_2254_bearbeitet-250x166.jpg 250w, https:\/\/hotel-cuntera.ch\/wp-content\/uploads\/2014\/02\/IMG_2254_bearbeitet.jpg 1500w\" sizes=\"(max-width: 801px) 100vw, 801px\" \/>\t\t\t\t\t\r\n\t\t\t\t\t\t\t\r\n\t\t\t<\/div><!-- .mslide -->\r\n\t\t\t\r\n\t\t\t\t\t\t\r\n\t\t\t\t\r\n\t\t\t\r\n\t\t\t<div class=\"mslide mslide-3\">\r\n\t\t\t\t\r\n\t\t\t\t\t\t\t\t\t\r\n\t\t\t\t\t<img loading=\"lazy\" decoding=\"async\" width=\"801\" height=\"534\" src=\"https:\/\/hotel-cuntera.ch\/wp-content\/uploads\/2014\/01\/IMG_2247.jpg\" class=\"attachment-featured-slide size-featured-slide wp-post-image\" alt=\"\" title=\"Cuntera Winter\" srcset=\"https:\/\/hotel-cuntera.ch\/wp-content\/uploads\/2014\/01\/IMG_2247.jpg 1500w, https:\/\/hotel-cuntera.ch\/wp-content\/uploads\/2014\/01\/IMG_2247-300x200.jpg 300w, https:\/\/hotel-cuntera.ch\/wp-content\/uploads\/2014\/01\/IMG_2247-1024x682.jpg 1024w\" sizes=\"(max-width: 801px) 100vw, 801px\" \/>\t\t\t\t\t\r\n\t\t\t\t\t\t\t\r\n\t\t\t<\/div><!-- .mslide -->\r\n\t\t\t\r\n\t\t\t\t\t\t\r\n\t\t\t\t\r\n\t\t<\/div><!-- .meteor-clip -->\r\n\t\t\t\t\r\n\t\t\t\t\t\r\n\t<\/div><!-- .meteor-slides -->\r\n\t\r\n\t\n<p>Il centro sciistico di Disentis \u00e8 locato 15 min con la macchina, Sedrun-Andermatt 25 min. Disentis: Grazie gli impiani di risalita che arrivano a sfiorare i 3000 m s\/m, la neve \u00e8 garantita. \u00c8 un vero paradise per \u201cfreerider\u201d, perch\u00e9 si trova dapetutto neve fresca a giorni di distanza dall\u2019ultima precipitazione. Sedrun-Andermatt \u00e8 piuttosto adatto per le famiglie e per I debuttanti, dato che ci si pu\u00f2 allenare in tutta sicurezza. Ad Andermatt invece I pendii sono pi\u00f9 impegnativi. Le due aree sciistiche sono collegate, si pu\u00f2 andare con lo stesso abbonamento (Gotthard Oberalp Arena), compresa anche la ferrovia Matterhorn Gotthard Bahn. <iframe loading=\"lazy\" src=\"\/\/player.vimeo.com\/video\/36237005?byline=0&amp;portrait=0&amp;color=4a96cb\" width=\"800\" height=\"450\" frameborder=\"0\" allowfullscreen=\"allowfullscreen\"><\/iframe><\/p>\n","protected":false},"excerpt":{"rendered":"<p>La Valle Medel porge quasi tutto il inverno neve, cielo azzurro e sereno su 1400 metri di alitudine. Il centro sciistico di Disentis \u00e8 locato 15 min con la macchina, Sedrun-Andermatt 25 min. Disentis: Grazie gli impiani di risalita che arrivano a sfiorare i 3000 m s\/m, la neve \u00e8 garantita. \u00c8 un vero paradise [&hellip;]<\/p>\n","protected":false},"author":1,"featured_media":0,"parent":645,"menu_order":0,"comment_status":"open","ping_status":"open","template":"","meta":{"footnotes":""},"class_list":["post-681","page","type-page","status-publish","hentry"],"_links":{"self":[{"href":"https:\/\/hotel-cuntera.ch\/it\/wp-json\/wp\/v2\/pages\/681"}],"collection":[{"href":"https:\/\/hotel-cuntera.ch\/it\/wp-json\/wp\/v2\/pages"}],"about":[{"href":"https:\/\/hotel-cuntera.ch\/it\/wp-json\/wp\/v2\/types\/page"}],"author":[{"embeddable":true,"href":"https:\/\/hotel-cuntera.ch\/it\/wp-json\/wp\/v2\/users\/1"}],"replies":[{"embeddable":true,"href":"https:\/\/hotel-cuntera.ch\/it\/wp-json\/wp\/v2\/comments?post=681"}],"version-history":[{"count":0,"href":"https:\/\/hotel-cuntera.ch\/it\/wp-json\/wp\/v2\/pages\/681\/revisions"}],"up":[{"embeddable":true,"href":"https:\/\/hotel-cuntera.ch\/it\/wp-json\/wp\/v2\/pages\/645"}],"wp:attachment":[{"href":"https:\/\/hotel-cuntera.ch\/it\/wp-json\/wp\/v2\/media?parent=681"}],"curies":[{"name":"wp","href":"https:\/\/api.w.org\/{rel}","templated":true}]}}