{"id":684,"date":"2014-01-12T22:52:40","date_gmt":"2014-01-12T20:52:40","guid":{"rendered":"http:\/\/localhost:8080\/bienvenue-dans-la-vallee-de-medel-et-la-region-du-col-du-lukmanier\/"},"modified":"2014-01-12T22:52:40","modified_gmt":"2014-01-12T20:52:40","slug":"bienvenue-dans-la-vallee-de-medel-et-la-region-du-col-du-lukmanier","status":"publish","type":"page","link":"https:\/\/hotel-cuntera.ch\/fr\/","title":{"rendered":"Bienvenue dans la vall\u00e9e de Medel et la r\u00e9gion du col du Lukmanier!"},"content":{"rendered":"<h3>D\u2019o\u00f9 que vous veniez\u2026. Vous\u00a0 nous r\u00e9servons un accueil chaleureux! Indiff\u00e9remment que vous veniez\u00a0 seul, en couple, en famille ou en groupe, nous sommes s\u00fbrs de pouvoir vous proposer un s\u00e9jour correspondant \u00e0 vos souhaits. De la chambre d\u2019h\u00f4tes***, la chambre pour famille ou bien un appartement en location tout \u00e9quip\u00e9, jusqu\u2019\u00e0 l\u2019h\u00e9bergement en groupe ou encore en cabanon (vous subvenez \u00e0 vos besoins) pour des vacances individuelles tr\u00e8s pr\u00e8s de la nature.<\/h3>\n<p>Vous recherchez le repos, le d\u00e9lassement dans un environnement intact ? Vous avez trouv\u00e9 ! Chez nous\u00a0 \u00e0 Mutschnengia,un petit village montagnard dans la jolie vall\u00e9e de Medel vous allez oublier votre quotidien dans ce lieu idyllique et vous resourcer \u00e0 l\u2019air des Alpes.Mutschnengia se situe \u00e0 environ 1 km de Curaglia (lieu principal de la vall\u00e9e de Medel) au pied du col du Lukmanier qui relie Disentis\u00a0 au bord du Rhin ant\u00e9rieur \u00e0 Biasca, un village typique dans le Tessin.<\/p>\n<p>Notre \u00e9tablissement hotelier offre quelquechose pour tout les\u00a0 go\u00fbts et toutes les envies,.vous voulez \u00eatre choy\u00e9, alors vous avez trouv\u00e9 ce que vous cherchiez, dans notre h\u00f4tel avec ses chambres*** chaleureuses et am\u00e9nag\u00e9es confortablement.<\/p>\n<p>Vous pr\u00e9f\u00e9rez \u00e0 subvenir \u00e0 vos besoins en cuisinant vous m\u00eame, alors nous vous proposons un appartement tout \u00e9quip\u00e9, ou bien un de nos cabanons, ou encore un h\u00e9bergement en groupe (jusqu\u2019\u00e0 14 personnes) dans notre nouvelle annexe.<\/p>\n<p>En tout cas, un s\u00e9jour \u00e0 Mutschnengia\u00a0 est inoubliable !<\/p>\n<p>Et nous serons ravis de vous accueillir.<\/p>\n","protected":false},"excerpt":{"rendered":"<p>D\u2019o\u00f9 que vous veniez\u2026. Vous\u00a0 nous r\u00e9servons un accueil chaleureux! Indiff\u00e9remment que vous veniez\u00a0 seul, en couple, en famille ou en groupe, nous sommes s\u00fbrs de pouvoir vous proposer un s\u00e9jour correspondant \u00e0 vos souhaits. De la chambre d\u2019h\u00f4tes***, la chambre pour famille ou bien un appartement en location tout \u00e9quip\u00e9, jusqu\u2019\u00e0 l\u2019h\u00e9bergement en groupe [&hellip;]<\/p>\n","protected":false},"author":1,"featured_media":0,"parent":0,"menu_order":0,"comment_status":"open","ping_status":"open","template":"","meta":{"footnotes":""},"class_list":["post-684","page","type-page","status-publish","hentry"],"_links":{"self":[{"href":"https:\/\/hotel-cuntera.ch\/fr\/wp-json\/wp\/v2\/pages\/684"}],"collection":[{"href":"https:\/\/hotel-cuntera.ch\/fr\/wp-json\/wp\/v2\/pages"}],"about":[{"href":"https:\/\/hotel-cuntera.ch\/fr\/wp-json\/wp\/v2\/types\/page"}],"author":[{"embeddable":true,"href":"https:\/\/hotel-cuntera.ch\/fr\/wp-json\/wp\/v2\/users\/1"}],"replies":[{"embeddable":true,"href":"https:\/\/hotel-cuntera.ch\/fr\/wp-json\/wp\/v2\/comments?post=684"}],"version-history":[{"count":0,"href":"https:\/\/hotel-cuntera.ch\/fr\/wp-json\/wp\/v2\/pages\/684\/revisions"}],"wp:attachment":[{"href":"https:\/\/hotel-cuntera.ch\/fr\/wp-json\/wp\/v2\/media?parent=684"}],"curies":[{"name":"wp","href":"https:\/\/api.w.org\/{rel}","templated":true}]}}