{"id":652,"date":"2013-09-24T23:45:42","date_gmt":"2013-09-24T21:45:42","guid":{"rendered":"http:\/\/localhost:8080\/restaurant-panoramique\/"},"modified":"2013-09-24T23:45:42","modified_gmt":"2013-09-24T21:45:42","slug":"restaurant-panoramique","status":"publish","type":"page","link":"https:\/\/hotel-cuntera.ch\/fr\/hotel-cuntera\/restaurant-panoramique\/","title":{"rendered":"Restaurant panoramique"},"content":{"rendered":"<h3>Le matin, d\u00e9gustez un savoureux petit-d\u00e9jeuner dans notre salle o\u00f9 sur notre terrasse\u00a0 avec une vue panoramique sur la belle vall\u00e9e de Medel et le village, En journ\u00e9e et en soir\u00e9e, laisser nous vous g\u00e2tez par notre cuisine avec un d\u00e9licieux repas vari\u00e9.<\/h3>\n\t\r\n\t\t\r\n\t<div id=\"meteor-slideshowrestaurant\" class=\"meteor-slides restaurant navprevnext { next: '#meteor-nextrestaurant', prev: '#meteor-prevrestaurant', pager: '#meteor-buttonsrestaurant' }\">\r\n\t\r\n\t\t\t\r\n\t\t\t\r\n\t\t\t<ul class=\"meteor-nav\">\r\n\t\t\r\n\t\t\t\t<li id=\"meteor-prevrestaurant\" class=\"prev\"><a href=\"#prev\">Previous<\/a><\/li>\r\n\t\t\t\r\n\t\t\t\t<li id=\"meteor-nextrestaurant\" class=\"next\"><a href=\"#next\">Next<\/a><\/li>\r\n\t\t\t\r\n\t\t\t<\/ul><!-- .meteor-nav -->\r\n\t\t\r\n\t\t\t\t\r\n\t\t\t\r\n\t\t<div class=\"meteor-clip\">\r\n\t\r\n\t\t\t\t\r\n\t\t\t<img decoding=\"async\" style=\"visibility: hidden;\" class=\"meteor-shim\" src=\"https:\/\/hotel-cuntera.ch\/wp-content\/uploads\/2014\/02\/slider_51-801x534.jpg\" alt=\"\" \/>\r\n\t\t\t<div class=\"mslide mslide-1\">\r\n\t\t\t\t\r\n\t\t\t\t\t\t\t\t\t\r\n\t\t\t\t\t<img loading=\"lazy\" decoding=\"async\" width=\"801\" height=\"534\" src=\"https:\/\/hotel-cuntera.ch\/wp-content\/uploads\/2014\/02\/slider_51-801x534.jpg\" class=\"attachment-featured-slide size-featured-slide wp-post-image\" alt=\"\" title=\"Restaurant\" srcset=\"https:\/\/hotel-cuntera.ch\/wp-content\/uploads\/2014\/02\/slider_51-801x534.jpg 801w, https:\/\/hotel-cuntera.ch\/wp-content\/uploads\/2014\/02\/slider_51-300x200.jpg 300w, https:\/\/hotel-cuntera.ch\/wp-content\/uploads\/2014\/02\/slider_51-1024x682.jpg 1024w, https:\/\/hotel-cuntera.ch\/wp-content\/uploads\/2014\/02\/slider_51-250x166.jpg 250w, https:\/\/hotel-cuntera.ch\/wp-content\/uploads\/2014\/02\/slider_51.jpg 1500w\" sizes=\"(max-width: 801px) 100vw, 801px\" \/>\t\t\t\t\t\r\n\t\t\t\t\t\t\t\r\n\t\t\t<\/div><!-- .mslide -->\r\n\t\t\t\r\n\t\t\t\t\t\t\r\n\t\t\t\t\r\n\t\t\t\r\n\t\t\t<div class=\"mslide mslide-2\">\r\n\t\t\t\t\r\n\t\t\t\t\t\t\t\t\t\r\n\t\t\t\t\t<img loading=\"lazy\" decoding=\"async\" width=\"801\" height=\"534\" src=\"https:\/\/hotel-cuntera.ch\/wp-content\/uploads\/2014\/02\/Cuntera-04191-801x534.jpg\" class=\"attachment-featured-slide size-featured-slide wp-post-image\" alt=\"\" title=\"Restaurant\" srcset=\"https:\/\/hotel-cuntera.ch\/wp-content\/uploads\/2014\/02\/Cuntera-04191-801x534.jpg 801w, https:\/\/hotel-cuntera.ch\/wp-content\/uploads\/2014\/02\/Cuntera-04191-300x200.jpg 300w, https:\/\/hotel-cuntera.ch\/wp-content\/uploads\/2014\/02\/Cuntera-04191-1024x682.jpg 1024w, https:\/\/hotel-cuntera.ch\/wp-content\/uploads\/2014\/02\/Cuntera-04191-250x166.jpg 250w, https:\/\/hotel-cuntera.ch\/wp-content\/uploads\/2014\/02\/Cuntera-04191.jpg 1500w\" sizes=\"(max-width: 801px) 100vw, 801px\" \/>\t\t\t\t\t\r\n\t\t\t\t\t\t\t\r\n\t\t\t<\/div><!-- .mslide -->\r\n\t\t\t\r\n\t\t\t\t\t\t\r\n\t\t\t\t\r\n\t\t\t\r\n\t\t\t<div class=\"mslide mslide-3\">\r\n\t\t\t\t\r\n\t\t\t\t\t\t\t\t\t\r\n\t\t\t\t\t<img loading=\"lazy\" decoding=\"async\" width=\"801\" height=\"534\" src=\"https:\/\/hotel-cuntera.ch\/wp-content\/uploads\/2014\/02\/Cuntera-04181-801x534.jpg\" class=\"attachment-featured-slide size-featured-slide wp-post-image\" alt=\"\" title=\"Restaurant\" srcset=\"https:\/\/hotel-cuntera.ch\/wp-content\/uploads\/2014\/02\/Cuntera-04181-801x534.jpg 801w, https:\/\/hotel-cuntera.ch\/wp-content\/uploads\/2014\/02\/Cuntera-04181-300x200.jpg 300w, https:\/\/hotel-cuntera.ch\/wp-content\/uploads\/2014\/02\/Cuntera-04181-1024x682.jpg 1024w, https:\/\/hotel-cuntera.ch\/wp-content\/uploads\/2014\/02\/Cuntera-04181-250x166.jpg 250w, https:\/\/hotel-cuntera.ch\/wp-content\/uploads\/2014\/02\/Cuntera-04181.jpg 1500w\" sizes=\"(max-width: 801px) 100vw, 801px\" \/>\t\t\t\t\t\r\n\t\t\t\t\t\t\t\r\n\t\t\t<\/div><!-- .mslide -->\r\n\t\t\t\r\n\t\t\t\t\t\t\r\n\t\t\t\t\r\n\t\t\t\r\n\t\t\t<div class=\"mslide mslide-4\">\r\n\t\t\t\t\r\n\t\t\t\t\t\t\t\t\t\r\n\t\t\t\t\t<img loading=\"lazy\" decoding=\"async\" width=\"801\" height=\"534\" src=\"https:\/\/hotel-cuntera.ch\/wp-content\/uploads\/2014\/02\/Cuntera-04161-801x534.jpg\" class=\"attachment-featured-slide size-featured-slide wp-post-image\" alt=\"\" title=\"Restaurant\" srcset=\"https:\/\/hotel-cuntera.ch\/wp-content\/uploads\/2014\/02\/Cuntera-04161-801x534.jpg 801w, https:\/\/hotel-cuntera.ch\/wp-content\/uploads\/2014\/02\/Cuntera-04161-300x200.jpg 300w, https:\/\/hotel-cuntera.ch\/wp-content\/uploads\/2014\/02\/Cuntera-04161-1024x682.jpg 1024w, https:\/\/hotel-cuntera.ch\/wp-content\/uploads\/2014\/02\/Cuntera-04161-250x166.jpg 250w, https:\/\/hotel-cuntera.ch\/wp-content\/uploads\/2014\/02\/Cuntera-04161.jpg 1500w\" sizes=\"(max-width: 801px) 100vw, 801px\" \/>\t\t\t\t\t\r\n\t\t\t\t\t\t\t\r\n\t\t\t<\/div><!-- .mslide -->\r\n\t\t\t\r\n\t\t\t\t\t\t\r\n\t\t\t\t\r\n\t\t\t\r\n\t\t\t<div class=\"mslide mslide-5\">\r\n\t\t\t\t\r\n\t\t\t\t\t\t\t\t\t\r\n\t\t\t\t\t<img loading=\"lazy\" decoding=\"async\" width=\"801\" height=\"534\" src=\"https:\/\/hotel-cuntera.ch\/wp-content\/uploads\/2014\/02\/HAM2327-801x534.jpg\" class=\"attachment-featured-slide size-featured-slide wp-post-image\" alt=\"\" title=\"Restaurant\" srcset=\"https:\/\/hotel-cuntera.ch\/wp-content\/uploads\/2014\/02\/HAM2327-801x534.jpg 801w, https:\/\/hotel-cuntera.ch\/wp-content\/uploads\/2014\/02\/HAM2327-300x200.jpg 300w, https:\/\/hotel-cuntera.ch\/wp-content\/uploads\/2014\/02\/HAM2327-1024x682.jpg 1024w, https:\/\/hotel-cuntera.ch\/wp-content\/uploads\/2014\/02\/HAM2327-250x166.jpg 250w, https:\/\/hotel-cuntera.ch\/wp-content\/uploads\/2014\/02\/HAM2327.jpg 1500w\" sizes=\"(max-width: 801px) 100vw, 801px\" \/>\t\t\t\t\t\r\n\t\t\t\t\t\t\t\r\n\t\t\t<\/div><!-- .mslide -->\r\n\t\t\t\r\n\t\t\t\t\t\t\r\n\t\t\t\t\r\n\t\t\t\r\n\t\t\t<div class=\"mslide mslide-6\">\r\n\t\t\t\t\r\n\t\t\t\t\t\t\t\t\t\r\n\t\t\t\t\t<img loading=\"lazy\" decoding=\"async\" width=\"801\" height=\"534\" src=\"https:\/\/hotel-cuntera.ch\/wp-content\/uploads\/2014\/02\/HAM2324-801x534.jpg\" class=\"attachment-featured-slide size-featured-slide wp-post-image\" alt=\"\" title=\"Restaurant\" srcset=\"https:\/\/hotel-cuntera.ch\/wp-content\/uploads\/2014\/02\/HAM2324-801x534.jpg 801w, https:\/\/hotel-cuntera.ch\/wp-content\/uploads\/2014\/02\/HAM2324-300x200.jpg 300w, https:\/\/hotel-cuntera.ch\/wp-content\/uploads\/2014\/02\/HAM2324-1024x682.jpg 1024w, https:\/\/hotel-cuntera.ch\/wp-content\/uploads\/2014\/02\/HAM2324-250x166.jpg 250w, https:\/\/hotel-cuntera.ch\/wp-content\/uploads\/2014\/02\/HAM2324.jpg 1500w\" sizes=\"(max-width: 801px) 100vw, 801px\" \/>\t\t\t\t\t\r\n\t\t\t\t\t\t\t\r\n\t\t\t<\/div><!-- .mslide -->\r\n\t\t\t\r\n\t\t\t\t\t\t\r\n\t\t\t\t\r\n\t\t\t\r\n\t\t\t<div class=\"mslide mslide-7\">\r\n\t\t\t\t\r\n\t\t\t\t\t\t\t\t\t\r\n\t\t\t\t\t<img loading=\"lazy\" decoding=\"async\" width=\"801\" height=\"534\" src=\"https:\/\/hotel-cuntera.ch\/wp-content\/uploads\/2014\/02\/HAM2323-801x534.jpg\" class=\"attachment-featured-slide size-featured-slide wp-post-image\" alt=\"\" title=\"Restaurant\" srcset=\"https:\/\/hotel-cuntera.ch\/wp-content\/uploads\/2014\/02\/HAM2323-801x534.jpg 801w, https:\/\/hotel-cuntera.ch\/wp-content\/uploads\/2014\/02\/HAM2323-300x200.jpg 300w, https:\/\/hotel-cuntera.ch\/wp-content\/uploads\/2014\/02\/HAM2323-1024x682.jpg 1024w, https:\/\/hotel-cuntera.ch\/wp-content\/uploads\/2014\/02\/HAM2323-250x166.jpg 250w, https:\/\/hotel-cuntera.ch\/wp-content\/uploads\/2014\/02\/HAM2323.jpg 1500w\" sizes=\"(max-width: 801px) 100vw, 801px\" \/>\t\t\t\t\t\r\n\t\t\t\t\t\t\t\r\n\t\t\t<\/div><!-- .mslide -->\r\n\t\t\t\r\n\t\t\t\t\t\t\r\n\t\t\t\t\r\n\t\t\t\r\n\t\t\t<div class=\"mslide mslide-8\">\r\n\t\t\t\t\r\n\t\t\t\t\t\t\t\t\t\r\n\t\t\t\t\t<img loading=\"lazy\" decoding=\"async\" width=\"801\" height=\"534\" src=\"https:\/\/hotel-cuntera.ch\/wp-content\/uploads\/2014\/02\/HAM2309-801x534.jpg\" class=\"attachment-featured-slide size-featured-slide wp-post-image\" alt=\"\" title=\"Terasse\" srcset=\"https:\/\/hotel-cuntera.ch\/wp-content\/uploads\/2014\/02\/HAM2309-801x534.jpg 801w, https:\/\/hotel-cuntera.ch\/wp-content\/uploads\/2014\/02\/HAM2309-300x200.jpg 300w, https:\/\/hotel-cuntera.ch\/wp-content\/uploads\/2014\/02\/HAM2309-1024x682.jpg 1024w, https:\/\/hotel-cuntera.ch\/wp-content\/uploads\/2014\/02\/HAM2309-250x166.jpg 250w, https:\/\/hotel-cuntera.ch\/wp-content\/uploads\/2014\/02\/HAM2309.jpg 1500w\" sizes=\"(max-width: 801px) 100vw, 801px\" \/>\t\t\t\t\t\r\n\t\t\t\t\t\t\t\r\n\t\t\t<\/div><!-- .mslide -->\r\n\t\t\t\r\n\t\t\t\t\t\t\r\n\t\t\t\t\r\n\t\t\t\r\n\t\t\t<div class=\"mslide mslide-9\">\r\n\t\t\t\t\r\n\t\t\t\t\t\t\t\t\t\r\n\t\t\t\t\t<img loading=\"lazy\" decoding=\"async\" width=\"801\" height=\"534\" src=\"https:\/\/hotel-cuntera.ch\/wp-content\/uploads\/2014\/02\/HAM2305-801x534.jpg\" class=\"attachment-featured-slide size-featured-slide wp-post-image\" alt=\"\" title=\"Terasse\" srcset=\"https:\/\/hotel-cuntera.ch\/wp-content\/uploads\/2014\/02\/HAM2305-801x534.jpg 801w, https:\/\/hotel-cuntera.ch\/wp-content\/uploads\/2014\/02\/HAM2305-300x200.jpg 300w, https:\/\/hotel-cuntera.ch\/wp-content\/uploads\/2014\/02\/HAM2305-1024x682.jpg 1024w, https:\/\/hotel-cuntera.ch\/wp-content\/uploads\/2014\/02\/HAM2305-250x166.jpg 250w, https:\/\/hotel-cuntera.ch\/wp-content\/uploads\/2014\/02\/HAM2305.jpg 1500w\" sizes=\"(max-width: 801px) 100vw, 801px\" \/>\t\t\t\t\t\r\n\t\t\t\t\t\t\t\r\n\t\t\t<\/div><!-- .mslide -->\r\n\t\t\t\r\n\t\t\t\t\t\t\r\n\t\t\t\t\r\n\t\t\t\r\n\t\t\t<div class=\"mslide mslide-10\">\r\n\t\t\t\t\r\n\t\t\t\t\t\t\t\t\t\r\n\t\t\t\t\t<img loading=\"lazy\" decoding=\"async\" width=\"801\" height=\"534\" src=\"https:\/\/hotel-cuntera.ch\/wp-content\/uploads\/2014\/02\/HAM2303-801x534.jpg\" class=\"attachment-featured-slide size-featured-slide wp-post-image\" alt=\"\" title=\"Terasse\" srcset=\"https:\/\/hotel-cuntera.ch\/wp-content\/uploads\/2014\/02\/HAM2303-801x534.jpg 801w, https:\/\/hotel-cuntera.ch\/wp-content\/uploads\/2014\/02\/HAM2303-300x200.jpg 300w, https:\/\/hotel-cuntera.ch\/wp-content\/uploads\/2014\/02\/HAM2303-1024x682.jpg 1024w, https:\/\/hotel-cuntera.ch\/wp-content\/uploads\/2014\/02\/HAM2303-250x166.jpg 250w, https:\/\/hotel-cuntera.ch\/wp-content\/uploads\/2014\/02\/HAM2303.jpg 1500w\" sizes=\"(max-width: 801px) 100vw, 801px\" \/>\t\t\t\t\t\r\n\t\t\t\t\t\t\t\r\n\t\t\t<\/div><!-- .mslide -->\r\n\t\t\t\r\n\t\t\t\t\t\t\r\n\t\t\t\t\r\n\t\t\t\r\n\t\t\t<div class=\"mslide mslide-11\">\r\n\t\t\t\t\r\n\t\t\t\t\t\t\t\t\t\r\n\t\t\t\t\t<img loading=\"lazy\" decoding=\"async\" width=\"801\" height=\"534\" src=\"https:\/\/hotel-cuntera.ch\/wp-content\/uploads\/2014\/02\/HAM2301-801x534.jpg\" class=\"attachment-featured-slide size-featured-slide wp-post-image\" alt=\"\" title=\"Terasse\" srcset=\"https:\/\/hotel-cuntera.ch\/wp-content\/uploads\/2014\/02\/HAM2301-801x534.jpg 801w, https:\/\/hotel-cuntera.ch\/wp-content\/uploads\/2014\/02\/HAM2301-300x200.jpg 300w, https:\/\/hotel-cuntera.ch\/wp-content\/uploads\/2014\/02\/HAM2301-1024x682.jpg 1024w, https:\/\/hotel-cuntera.ch\/wp-content\/uploads\/2014\/02\/HAM2301-250x166.jpg 250w, https:\/\/hotel-cuntera.ch\/wp-content\/uploads\/2014\/02\/HAM2301.jpg 1500w\" sizes=\"(max-width: 801px) 100vw, 801px\" \/>\t\t\t\t\t\r\n\t\t\t\t\t\t\t\r\n\t\t\t<\/div><!-- .mslide -->\r\n\t\t\t\r\n\t\t\t\t\t\t\r\n\t\t\t\t\r\n\t\t<\/div><!-- .meteor-clip -->\r\n\t\t\t\t\r\n\t\t\t\t\t\r\n\t<\/div><!-- .meteor-slides -->\r\n\t\r\n\t\n<p>Dans notre restaurant, vous n\u2019allez pas seulement \u00eatre enthousiasm\u00e9 par son architecture et la vue imprenable sur les montagnes avoisinantes mais aussi par le service familier et les mets \u201cfaits maison\u201d confectionn\u00e9s avec des produits frais.<\/p>\n<p>Que vous soyez une heure, une journ\u00e9e, une semaine o\u00f9 un mois notre h\u00f4te, vous serez \u00e0 l\u2019aise et resentirez un bien \u00eatre. C\u2019est l\u2019unique endroit dans notre vall\u00e9e\u00a0 qui vous offre un espace pour f\u00eater un \u00e9v\u00e8nement\u00a0 familial, d\u2019association, d\u2019entreprise, o\u00f9 un banquet\u00a0 pour 80 personnes. Composez et choisissez votre menu selon votre budget en sachant que le suppl\u00e9ment et la d\u00e9coration de table\u00a0\u00a0 sont compris. Fa\u00eetes nous savoir tout simplement ce que vous voulez !<\/p>\n","protected":false},"excerpt":{"rendered":"<p>Le matin, d\u00e9gustez un savoureux petit-d\u00e9jeuner dans notre salle o\u00f9 sur notre terrasse\u00a0 avec une vue panoramique sur la belle vall\u00e9e de Medel et le village, En journ\u00e9e et en soir\u00e9e, laisser nous vous g\u00e2tez par notre cuisine avec un d\u00e9licieux repas vari\u00e9. Dans notre restaurant, vous n\u2019allez pas seulement \u00eatre enthousiasm\u00e9 par son architecture [&hellip;]<\/p>\n","protected":false},"author":1,"featured_media":0,"parent":648,"menu_order":0,"comment_status":"open","ping_status":"open","template":"","meta":{"footnotes":""},"class_list":["post-652","page","type-page","status-publish","hentry"],"_links":{"self":[{"href":"https:\/\/hotel-cuntera.ch\/fr\/wp-json\/wp\/v2\/pages\/652"}],"collection":[{"href":"https:\/\/hotel-cuntera.ch\/fr\/wp-json\/wp\/v2\/pages"}],"about":[{"href":"https:\/\/hotel-cuntera.ch\/fr\/wp-json\/wp\/v2\/types\/page"}],"author":[{"embeddable":true,"href":"https:\/\/hotel-cuntera.ch\/fr\/wp-json\/wp\/v2\/users\/1"}],"replies":[{"embeddable":true,"href":"https:\/\/hotel-cuntera.ch\/fr\/wp-json\/wp\/v2\/comments?post=652"}],"version-history":[{"count":0,"href":"https:\/\/hotel-cuntera.ch\/fr\/wp-json\/wp\/v2\/pages\/652\/revisions"}],"up":[{"embeddable":true,"href":"https:\/\/hotel-cuntera.ch\/fr\/wp-json\/wp\/v2\/pages\/648"}],"wp:attachment":[{"href":"https:\/\/hotel-cuntera.ch\/fr\/wp-json\/wp\/v2\/media?parent=652"}],"curies":[{"name":"wp","href":"https:\/\/api.w.org\/{rel}","templated":true}]}}