{"id":36,"date":"2013-10-06T14:06:59","date_gmt":"2013-10-06T12:06:59","guid":{"rendered":"http:\/\/dev.cuntera.luagsh.ch\/?page_id=36"},"modified":"2020-10-18T15:00:20","modified_gmt":"2020-10-18T13:00:20","slug":"ferienwohnung","status":"publish","type":"page","link":"https:\/\/hotel-cuntera.ch\/de\/ferienwohnung\/","title":{"rendered":"Ferienwohnung"},"content":{"rendered":"<h3>W\u00fcnschen Sie in Ihren Ferien eine komplett eingerichtete Wohnung \u2013fast wie zuhause- um sich nicht an Fr\u00fchst\u00fcckszeiten halten zu m\u00fcssen, manchmal selber zu kochen manchmal in unserem Restaurant sich \u00e0-la-carte kulinarisch verw\u00f6hnen zu lassen und zudem auf Wunsch den angenehmen Hotelservice nutzen zu k\u00f6nnen?&nbsp; Nat\u00fcrlich bekommen Sie auf Bestellung auch Ihre frischen Fr\u00fchst\u00fccksbr\u00f6tli 7 Tage in der Woche in ihre Ferienwohnung geliefert.<\/h3>\n\t\r\n\t\t\r\n\t<div id=\"meteor-slideshowferienwohnung\" class=\"meteor-slides ferienwohnung navprevnext { next: '#meteor-nextferienwohnung', prev: '#meteor-prevferienwohnung', pager: '#meteor-buttonsferienwohnung' }\">\r\n\t\r\n\t\t\t\r\n\t\t\t\r\n\t\t\t<ul class=\"meteor-nav\">\r\n\t\t\r\n\t\t\t\t<li id=\"meteor-prevferienwohnung\" class=\"prev\"><a href=\"#prev\">Previous<\/a><\/li>\r\n\t\t\t\r\n\t\t\t\t<li id=\"meteor-nextferienwohnung\" class=\"next\"><a href=\"#next\">Next<\/a><\/li>\r\n\t\t\t\r\n\t\t\t<\/ul><!-- .meteor-nav -->\r\n\t\t\r\n\t\t\t\t\r\n\t\t\t\r\n\t\t<div class=\"meteor-clip\">\r\n\t\r\n\t\t\t\t\r\n\t\t\t<img decoding=\"async\" style=\"visibility: hidden;\" class=\"meteor-shim\" src=\"https:\/\/hotel-cuntera.ch\/wp-content\/uploads\/2014\/02\/Cuntera-04112-801x534.jpg\" alt=\"\" \/>\r\n\t\t\t<div class=\"mslide mslide-1\">\r\n\t\t\t\t\r\n\t\t\t\t\t\t\t\t\t\r\n\t\t\t\t\t<img loading=\"lazy\" decoding=\"async\" width=\"801\" height=\"534\" src=\"https:\/\/hotel-cuntera.ch\/wp-content\/uploads\/2014\/02\/Cuntera-04112-801x534.jpg\" class=\"attachment-featured-slide size-featured-slide wp-post-image\" alt=\"\" title=\"Ferienwohnung\" srcset=\"https:\/\/hotel-cuntera.ch\/wp-content\/uploads\/2014\/02\/Cuntera-04112-801x534.jpg 801w, https:\/\/hotel-cuntera.ch\/wp-content\/uploads\/2014\/02\/Cuntera-04112-300x200.jpg 300w, https:\/\/hotel-cuntera.ch\/wp-content\/uploads\/2014\/02\/Cuntera-04112-1024x682.jpg 1024w, https:\/\/hotel-cuntera.ch\/wp-content\/uploads\/2014\/02\/Cuntera-04112-250x166.jpg 250w, https:\/\/hotel-cuntera.ch\/wp-content\/uploads\/2014\/02\/Cuntera-04112.jpg 1500w\" sizes=\"(max-width: 801px) 100vw, 801px\" \/>\t\t\t\t\t\r\n\t\t\t\t\t\t\t\r\n\t\t\t<\/div><!-- .mslide -->\r\n\t\t\t\r\n\t\t\t\t\t\t\r\n\t\t\t\t\r\n\t\t\t\r\n\t\t\t<div class=\"mslide mslide-2\">\r\n\t\t\t\t\r\n\t\t\t\t\t\t\t\t\t\r\n\t\t\t\t\t<img loading=\"lazy\" decoding=\"async\" width=\"801\" height=\"534\" src=\"https:\/\/hotel-cuntera.ch\/wp-content\/uploads\/2014\/02\/Cuntera-04082-801x534.jpg\" class=\"attachment-featured-slide size-featured-slide wp-post-image\" alt=\"\" title=\"Ferienwohnung\" srcset=\"https:\/\/hotel-cuntera.ch\/wp-content\/uploads\/2014\/02\/Cuntera-04082-801x534.jpg 801w, https:\/\/hotel-cuntera.ch\/wp-content\/uploads\/2014\/02\/Cuntera-04082-300x200.jpg 300w, https:\/\/hotel-cuntera.ch\/wp-content\/uploads\/2014\/02\/Cuntera-04082-1024x682.jpg 1024w, https:\/\/hotel-cuntera.ch\/wp-content\/uploads\/2014\/02\/Cuntera-04082-250x166.jpg 250w, https:\/\/hotel-cuntera.ch\/wp-content\/uploads\/2014\/02\/Cuntera-04082.jpg 1500w\" sizes=\"(max-width: 801px) 100vw, 801px\" \/>\t\t\t\t\t\r\n\t\t\t\t\t\t\t\r\n\t\t\t<\/div><!-- .mslide -->\r\n\t\t\t\r\n\t\t\t\t\t\t\r\n\t\t\t\t\r\n\t\t\t\r\n\t\t\t<div class=\"mslide mslide-3\">\r\n\t\t\t\t\r\n\t\t\t\t\t\t\t\t\t\r\n\t\t\t\t\t<img loading=\"lazy\" decoding=\"async\" width=\"801\" height=\"534\" src=\"https:\/\/hotel-cuntera.ch\/wp-content\/uploads\/2014\/02\/Cuntera-03982-801x534.jpg\" class=\"attachment-featured-slide size-featured-slide wp-post-image\" alt=\"\" title=\"Ferienwohnung\" srcset=\"https:\/\/hotel-cuntera.ch\/wp-content\/uploads\/2014\/02\/Cuntera-03982-801x534.jpg 801w, https:\/\/hotel-cuntera.ch\/wp-content\/uploads\/2014\/02\/Cuntera-03982-300x200.jpg 300w, https:\/\/hotel-cuntera.ch\/wp-content\/uploads\/2014\/02\/Cuntera-03982-1024x682.jpg 1024w, https:\/\/hotel-cuntera.ch\/wp-content\/uploads\/2014\/02\/Cuntera-03982-250x166.jpg 250w, https:\/\/hotel-cuntera.ch\/wp-content\/uploads\/2014\/02\/Cuntera-03982.jpg 1500w\" sizes=\"(max-width: 801px) 100vw, 801px\" \/>\t\t\t\t\t\r\n\t\t\t\t\t\t\t\r\n\t\t\t<\/div><!-- .mslide -->\r\n\t\t\t\r\n\t\t\t\t\t\t\r\n\t\t\t\t\r\n\t\t\t\r\n\t\t\t<div class=\"mslide mslide-4\">\r\n\t\t\t\t\r\n\t\t\t\t\t\t\t\t\t\r\n\t\t\t\t\t<img loading=\"lazy\" decoding=\"async\" width=\"801\" height=\"534\" src=\"https:\/\/hotel-cuntera.ch\/wp-content\/uploads\/2014\/02\/HAM6899-801x534.jpg\" class=\"attachment-featured-slide size-featured-slide wp-post-image\" alt=\"\" title=\"Ferienwohnung\" srcset=\"https:\/\/hotel-cuntera.ch\/wp-content\/uploads\/2014\/02\/HAM6899-801x534.jpg 801w, https:\/\/hotel-cuntera.ch\/wp-content\/uploads\/2014\/02\/HAM6899-300x200.jpg 300w, https:\/\/hotel-cuntera.ch\/wp-content\/uploads\/2014\/02\/HAM6899-1024x682.jpg 1024w, https:\/\/hotel-cuntera.ch\/wp-content\/uploads\/2014\/02\/HAM6899-250x166.jpg 250w, https:\/\/hotel-cuntera.ch\/wp-content\/uploads\/2014\/02\/HAM6899.jpg 1500w\" sizes=\"(max-width: 801px) 100vw, 801px\" \/>\t\t\t\t\t\r\n\t\t\t\t\t\t\t\r\n\t\t\t<\/div><!-- .mslide -->\r\n\t\t\t\r\n\t\t\t\t\t\t\r\n\t\t\t\t\r\n\t\t\t\r\n\t\t\t<div class=\"mslide mslide-5\">\r\n\t\t\t\t\r\n\t\t\t\t\t\t\t\t\t\r\n\t\t\t\t\t<img loading=\"lazy\" decoding=\"async\" width=\"801\" height=\"534\" src=\"https:\/\/hotel-cuntera.ch\/wp-content\/uploads\/2014\/02\/HAM6897-801x534.jpg\" class=\"attachment-featured-slide size-featured-slide wp-post-image\" alt=\"\" title=\"Ferienwohnung\" srcset=\"https:\/\/hotel-cuntera.ch\/wp-content\/uploads\/2014\/02\/HAM6897-801x534.jpg 801w, https:\/\/hotel-cuntera.ch\/wp-content\/uploads\/2014\/02\/HAM6897-300x200.jpg 300w, https:\/\/hotel-cuntera.ch\/wp-content\/uploads\/2014\/02\/HAM6897-1024x682.jpg 1024w, https:\/\/hotel-cuntera.ch\/wp-content\/uploads\/2014\/02\/HAM6897-250x166.jpg 250w, https:\/\/hotel-cuntera.ch\/wp-content\/uploads\/2014\/02\/HAM6897.jpg 1500w\" sizes=\"(max-width: 801px) 100vw, 801px\" \/>\t\t\t\t\t\r\n\t\t\t\t\t\t\t\r\n\t\t\t<\/div><!-- .mslide -->\r\n\t\t\t\r\n\t\t\t\t\t\t\r\n\t\t\t\t\r\n\t\t\t\r\n\t\t\t<div class=\"mslide mslide-6\">\r\n\t\t\t\t\r\n\t\t\t\t\t\t\t\t\t\r\n\t\t\t\t\t<img loading=\"lazy\" decoding=\"async\" width=\"801\" height=\"534\" src=\"https:\/\/hotel-cuntera.ch\/wp-content\/uploads\/2014\/02\/HAM6893-801x534.jpg\" class=\"attachment-featured-slide size-featured-slide wp-post-image\" alt=\"\" title=\"Ferienwohnung\" srcset=\"https:\/\/hotel-cuntera.ch\/wp-content\/uploads\/2014\/02\/HAM6893-801x534.jpg 801w, https:\/\/hotel-cuntera.ch\/wp-content\/uploads\/2014\/02\/HAM6893-300x200.jpg 300w, https:\/\/hotel-cuntera.ch\/wp-content\/uploads\/2014\/02\/HAM6893-1024x682.jpg 1024w, https:\/\/hotel-cuntera.ch\/wp-content\/uploads\/2014\/02\/HAM6893-250x166.jpg 250w, https:\/\/hotel-cuntera.ch\/wp-content\/uploads\/2014\/02\/HAM6893.jpg 1500w\" sizes=\"(max-width: 801px) 100vw, 801px\" \/>\t\t\t\t\t\r\n\t\t\t\t\t\t\t\r\n\t\t\t<\/div><!-- .mslide -->\r\n\t\t\t\r\n\t\t\t\t\t\t\r\n\t\t\t\t\r\n\t\t\t\r\n\t\t\t<div class=\"mslide mslide-7\">\r\n\t\t\t\t\r\n\t\t\t\t\t\t\t\t\t\r\n\t\t\t\t\t<img loading=\"lazy\" decoding=\"async\" width=\"801\" height=\"534\" src=\"https:\/\/hotel-cuntera.ch\/wp-content\/uploads\/2014\/02\/HAM6892-801x534.jpg\" class=\"attachment-featured-slide size-featured-slide wp-post-image\" alt=\"\" title=\"Ferienwohnung\" srcset=\"https:\/\/hotel-cuntera.ch\/wp-content\/uploads\/2014\/02\/HAM6892-801x534.jpg 801w, https:\/\/hotel-cuntera.ch\/wp-content\/uploads\/2014\/02\/HAM6892-300x200.jpg 300w, https:\/\/hotel-cuntera.ch\/wp-content\/uploads\/2014\/02\/HAM6892-1024x682.jpg 1024w, https:\/\/hotel-cuntera.ch\/wp-content\/uploads\/2014\/02\/HAM6892-250x166.jpg 250w, https:\/\/hotel-cuntera.ch\/wp-content\/uploads\/2014\/02\/HAM6892.jpg 1500w\" sizes=\"(max-width: 801px) 100vw, 801px\" \/>\t\t\t\t\t\r\n\t\t\t\t\t\t\t\r\n\t\t\t<\/div><!-- .mslide -->\r\n\t\t\t\r\n\t\t\t\t\t\t\r\n\t\t\t\t\r\n\t\t\t\r\n\t\t\t<div class=\"mslide mslide-8\">\r\n\t\t\t\t\r\n\t\t\t\t\t\t\t\t\t\r\n\t\t\t\t\t<img loading=\"lazy\" decoding=\"async\" width=\"801\" height=\"534\" src=\"https:\/\/hotel-cuntera.ch\/wp-content\/uploads\/2014\/02\/HAM6891-801x534.jpg\" class=\"attachment-featured-slide size-featured-slide wp-post-image\" alt=\"\" title=\"Ferienwohnung\" srcset=\"https:\/\/hotel-cuntera.ch\/wp-content\/uploads\/2014\/02\/HAM6891-801x534.jpg 801w, https:\/\/hotel-cuntera.ch\/wp-content\/uploads\/2014\/02\/HAM6891-300x200.jpg 300w, https:\/\/hotel-cuntera.ch\/wp-content\/uploads\/2014\/02\/HAM6891-1024x682.jpg 1024w, https:\/\/hotel-cuntera.ch\/wp-content\/uploads\/2014\/02\/HAM6891-250x166.jpg 250w, https:\/\/hotel-cuntera.ch\/wp-content\/uploads\/2014\/02\/HAM6891.jpg 1500w\" sizes=\"(max-width: 801px) 100vw, 801px\" \/>\t\t\t\t\t\r\n\t\t\t\t\t\t\t\r\n\t\t\t<\/div><!-- .mslide -->\r\n\t\t\t\r\n\t\t\t\t\t\t\r\n\t\t\t\t\r\n\t\t\t\r\n\t\t\t<div class=\"mslide mslide-9\">\r\n\t\t\t\t\r\n\t\t\t\t\t\t\t\t\t\r\n\t\t\t\t\t<img loading=\"lazy\" decoding=\"async\" width=\"801\" height=\"534\" src=\"https:\/\/hotel-cuntera.ch\/wp-content\/uploads\/2014\/02\/HAM6890-801x534.jpg\" class=\"attachment-featured-slide size-featured-slide wp-post-image\" alt=\"\" title=\"Ferienwohnung\" srcset=\"https:\/\/hotel-cuntera.ch\/wp-content\/uploads\/2014\/02\/HAM6890-801x534.jpg 801w, https:\/\/hotel-cuntera.ch\/wp-content\/uploads\/2014\/02\/HAM6890-300x200.jpg 300w, https:\/\/hotel-cuntera.ch\/wp-content\/uploads\/2014\/02\/HAM6890-1024x682.jpg 1024w, https:\/\/hotel-cuntera.ch\/wp-content\/uploads\/2014\/02\/HAM6890-250x166.jpg 250w, https:\/\/hotel-cuntera.ch\/wp-content\/uploads\/2014\/02\/HAM6890.jpg 1500w\" sizes=\"(max-width: 801px) 100vw, 801px\" \/>\t\t\t\t\t\r\n\t\t\t\t\t\t\t\r\n\t\t\t<\/div><!-- .mslide -->\r\n\t\t\t\r\n\t\t\t\t\t\t\r\n\t\t\t\t\r\n\t\t\t\r\n\t\t\t<div class=\"mslide mslide-10\">\r\n\t\t\t\t\r\n\t\t\t\t\t\t\t\t\t\r\n\t\t\t\t\t<img loading=\"lazy\" decoding=\"async\" width=\"801\" height=\"534\" src=\"https:\/\/hotel-cuntera.ch\/wp-content\/uploads\/2014\/02\/HAM6889-801x534.jpg\" class=\"attachment-featured-slide size-featured-slide wp-post-image\" alt=\"\" title=\"Ferienwohnung\" srcset=\"https:\/\/hotel-cuntera.ch\/wp-content\/uploads\/2014\/02\/HAM6889-801x534.jpg 801w, https:\/\/hotel-cuntera.ch\/wp-content\/uploads\/2014\/02\/HAM6889-300x200.jpg 300w, https:\/\/hotel-cuntera.ch\/wp-content\/uploads\/2014\/02\/HAM6889-1024x682.jpg 1024w, https:\/\/hotel-cuntera.ch\/wp-content\/uploads\/2014\/02\/HAM6889-250x166.jpg 250w, https:\/\/hotel-cuntera.ch\/wp-content\/uploads\/2014\/02\/HAM6889.jpg 1500w\" sizes=\"(max-width: 801px) 100vw, 801px\" \/>\t\t\t\t\t\r\n\t\t\t\t\t\t\t\r\n\t\t\t<\/div><!-- .mslide -->\r\n\t\t\t\r\n\t\t\t\t\t\t\r\n\t\t\t\t\r\n\t\t\t\r\n\t\t\t<div class=\"mslide mslide-11\">\r\n\t\t\t\t\r\n\t\t\t\t\t\t\t\t\t\r\n\t\t\t\t\t<img loading=\"lazy\" decoding=\"async\" width=\"801\" height=\"534\" src=\"https:\/\/hotel-cuntera.ch\/wp-content\/uploads\/2014\/02\/HAM6887-801x534.jpg\" class=\"attachment-featured-slide size-featured-slide wp-post-image\" alt=\"\" title=\"Ferienwohnung\" srcset=\"https:\/\/hotel-cuntera.ch\/wp-content\/uploads\/2014\/02\/HAM6887-801x534.jpg 801w, https:\/\/hotel-cuntera.ch\/wp-content\/uploads\/2014\/02\/HAM6887-300x199.jpg 300w, https:\/\/hotel-cuntera.ch\/wp-content\/uploads\/2014\/02\/HAM6887-1024x681.jpg 1024w, https:\/\/hotel-cuntera.ch\/wp-content\/uploads\/2014\/02\/HAM6887-250x166.jpg 250w, https:\/\/hotel-cuntera.ch\/wp-content\/uploads\/2014\/02\/HAM6887.jpg 1500w\" sizes=\"(max-width: 801px) 100vw, 801px\" \/>\t\t\t\t\t\r\n\t\t\t\t\t\t\t\r\n\t\t\t<\/div><!-- .mslide -->\r\n\t\t\t\r\n\t\t\t\t\t\t\r\n\t\t\t\t\r\n\t\t\t\r\n\t\t\t<div class=\"mslide mslide-12\">\r\n\t\t\t\t\r\n\t\t\t\t\t\t\t\t\t\r\n\t\t\t\t\t<img loading=\"lazy\" decoding=\"async\" width=\"801\" height=\"534\" src=\"https:\/\/hotel-cuntera.ch\/wp-content\/uploads\/2014\/02\/HAM6900-801x534.jpg\" class=\"attachment-featured-slide size-featured-slide wp-post-image\" alt=\"\" title=\"Bad Ferienwohnung\" srcset=\"https:\/\/hotel-cuntera.ch\/wp-content\/uploads\/2014\/02\/HAM6900-801x534.jpg 801w, https:\/\/hotel-cuntera.ch\/wp-content\/uploads\/2014\/02\/HAM6900-300x200.jpg 300w, https:\/\/hotel-cuntera.ch\/wp-content\/uploads\/2014\/02\/HAM6900-1024x682.jpg 1024w, https:\/\/hotel-cuntera.ch\/wp-content\/uploads\/2014\/02\/HAM6900-250x166.jpg 250w, https:\/\/hotel-cuntera.ch\/wp-content\/uploads\/2014\/02\/HAM6900.jpg 1500w\" sizes=\"(max-width: 801px) 100vw, 801px\" \/>\t\t\t\t\t\r\n\t\t\t\t\t\t\t\r\n\t\t\t<\/div><!-- .mslide -->\r\n\t\t\t\r\n\t\t\t\t\t\t\r\n\t\t\t\t\r\n\t\t<\/div><!-- .meteor-clip -->\r\n\t\t\t\t\r\n\t\t\t\t\t\r\n\t<\/div><!-- .meteor-slides -->\r\n\t\r\n\t\n<p>Im Dachgeschoss des Hotels befindet sich eine rustikale Galeriewohnung, welche f\u00fcr Familien oder &#8222;Gr\u00fcppchen&#8220; bis 5 Personen geeignet ist.<\/p>\n<p>Diese Wohnung k\u00f6nnen Sie entweder als Suite mit Hotelservice (garni oder HP) oder als traditionelle Ferienwohnung (Selbstverpfleger) buchen. Wenn Sie ankommen werden Ihre Betten selbstverst\u00e4ndlich bezogen sein und ein kuschliges Handtuch liegt auch f\u00fcr Sie bereit.<!--more--><\/p>\n","protected":false},"excerpt":{"rendered":"<p>W\u00fcnschen Sie in Ihren Ferien eine komplett eingerichtete Wohnung \u2013fast wie zuhause- um sich nicht an Fr\u00fchst\u00fcckszeiten halten zu m\u00fcssen, manchmal selber zu kochen manchmal in unserem Restaurant sich \u00e0-la-carte kulinarisch verw\u00f6hnen zu lassen und zudem auf Wunsch den angenehmen Hotelservice nutzen zu k\u00f6nnen?&nbsp; Nat\u00fcrlich bekommen Sie auf Bestellung auch Ihre frischen Fr\u00fchst\u00fccksbr\u00f6tli 7 Tage [&hellip;]<\/p>\n","protected":false},"author":1,"featured_media":0,"parent":0,"menu_order":0,"comment_status":"open","ping_status":"open","template":"","meta":{"footnotes":""},"class_list":["post-36","page","type-page","status-publish","hentry"],"_links":{"self":[{"href":"https:\/\/hotel-cuntera.ch\/de\/wp-json\/wp\/v2\/pages\/36"}],"collection":[{"href":"https:\/\/hotel-cuntera.ch\/de\/wp-json\/wp\/v2\/pages"}],"about":[{"href":"https:\/\/hotel-cuntera.ch\/de\/wp-json\/wp\/v2\/types\/page"}],"author":[{"embeddable":true,"href":"https:\/\/hotel-cuntera.ch\/de\/wp-json\/wp\/v2\/users\/1"}],"replies":[{"embeddable":true,"href":"https:\/\/hotel-cuntera.ch\/de\/wp-json\/wp\/v2\/comments?post=36"}],"version-history":[{"count":12,"href":"https:\/\/hotel-cuntera.ch\/de\/wp-json\/wp\/v2\/pages\/36\/revisions"}],"predecessor-version":[{"id":708,"href":"https:\/\/hotel-cuntera.ch\/de\/wp-json\/wp\/v2\/pages\/36\/revisions\/708"}],"wp:attachment":[{"href":"https:\/\/hotel-cuntera.ch\/de\/wp-json\/wp\/v2\/media?parent=36"}],"curies":[{"name":"wp","href":"https:\/\/api.w.org\/{rel}","templated":true}]}}